{"id":1069,"date":"2024-10-10T12:23:21","date_gmt":"2024-10-10T12:23:21","guid":{"rendered":"https:\/\/antoniofontoura.com.br\/site\/?page_id=1069"},"modified":"2024-10-31T17:53:15","modified_gmt":"2024-10-31T17:53:15","slug":"sociologia-da-religiao","status":"publish","type":"page","link":"https:\/\/antoniofontoura.com.br\/site\/principais-obras\/sociologia-da-religiao\/","title":{"rendered":"Sociologia da Religi\u00e3o"},"content":{"rendered":"\n<h2 class=\"wp-block-heading\">de Georg Simmel<\/h2>\n\n\n<div class=\"wp-block-image\">\n<figure class=\"aligncenter size-full\"><img decoding=\"async\" loading=\"lazy\" width=\"221\" height=\"328\" src=\"https:\/\/antoniofontoura.com.br\/site\/wp-content\/uploads\/2024\/10\/capinha_simmel_religiao.jpg\" alt=\"\" class=\"wp-image-1070\" srcset=\"https:\/\/antoniofontoura.com.br\/site\/wp-content\/uploads\/2024\/10\/capinha_simmel_religiao.jpg 221w, https:\/\/antoniofontoura.com.br\/site\/wp-content\/uploads\/2024\/10\/capinha_simmel_religiao-202x300.jpg 202w, https:\/\/antoniofontoura.com.br\/site\/wp-content\/uploads\/2024\/10\/capinha_simmel_religiao-101x150.jpg 101w\" sizes=\"(max-width: 221px) 100vw, 221px\" \/><figcaption class=\"wp-element-caption\"> <\/figcaption><\/figure><\/div>\n\n\n<div class=\"wp-block-columns is-layout-flex wp-container-3\">\n<div class=\"wp-block-column is-layout-flow\"><div class=\"wp-block-image\">\n<figure class=\"aligncenter size-full\"><a href=\"https:\/\/clubedeautores.com.br\/livro\/sociologia-da-religiao\"><img decoding=\"async\" loading=\"lazy\" width=\"74\" height=\"28\" src=\"https:\/\/antoniofontoura.com.br\/site\/wp-content\/uploads\/2022\/10\/clube_autores_pq.jpg\" alt=\"\" class=\"wp-image-534\"\/><\/a><figcaption class=\"wp-element-caption\">Livro Impresso<\/figcaption><\/figure><\/div><\/div>\n\n\n\n<div class=\"wp-block-column is-layout-flow\"><div class=\"wp-block-image\">\n<figure class=\"aligncenter size-full\"><a href=\"https:\/\/www.amazon.com.br\/dp\/B0DC14WT3J\"><img decoding=\"async\" loading=\"lazy\" width=\"68\" height=\"25\" src=\"https:\/\/antoniofontoura.com.br\/site\/wp-content\/uploads\/2021\/11\/testeamz.jpg\" alt=\"\" class=\"wp-image-467\"\/><\/a><figcaption class=\"wp-element-caption\">Ebook<\/figcaption><\/figure><\/div><\/div>\n<\/div>\n\n\n\n<hr class=\"wp-block-separator has-alpha-channel-opacity\"\/>\n\n\n\n<p><a href=\"http:\/\/antoniofontoura.com.br\/site\/category\/simmel\">Conhe\u00e7a nossos post sobre &#8220;Georg Simmel&#8221;.<\/a><\/p>\n\n\n\n<p>Em &#8220;Sociologia da Religi\u00e3o&#8221;, Georg Simmel nos oferece uma profunda e incisiva an\u00e1lise das rela\u00e7\u00f5es entre a religi\u00e3o e a vida social. Explorando a complexa interse\u00e7\u00e3o entre o sagrado e o profano, Simmel revela como a religi\u00e3o atua n\u00e3o apenas como um sistema de cren\u00e7as, mas como uma for\u00e7a estruturadora fundamental da vida social.<\/p>\n\n\n\n<p>Neste ensaio, Simmel investiga o conceito de Absoluto, desvendando sua import\u00e2ncia tanto na experi\u00eancia religiosa individual quanto na organiza\u00e7\u00e3o social. Ele argumenta que a religi\u00e3o expressa e simboliza a unidade e a coes\u00e3o da sociedade, refletindo a complexidade das intera\u00e7\u00f5es sociais e a busca por uma totalidade transcendente. Ao examinar como as formas e estruturas sociais moldam as representa\u00e7\u00f5es religiosas e vice-versa, Simmel oferece uma vis\u00e3o original sobre a fun\u00e7\u00e3o social da religi\u00e3o e seu impacto na forma\u00e7\u00e3o da identidade e coes\u00e3o grupal.<\/p>\n\n\n\n<p>Atrav\u00e9s de uma an\u00e1lise que abrange desde a religi\u00e3o antiga at\u00e9 o cristianismo do s\u00e9culo XX, Simmel tra\u00e7a como a unidade social e a transcend\u00eancia se entrela\u00e7am, revelando o papel vital da religi\u00e3o na cria\u00e7\u00e3o de um sentido de totalidade e pertencimento. A Religi\u00e3o \u00e9 uma leitura essencial para aqueles interessados em compreender a interdepend\u00eancia entre a espiritualidade e as estruturas sociais, e oferece uma perspectiva inovadora sobre como as convic\u00e7\u00f5es religiosas moldam e s\u00e3o moldadas pela vida em sociedade.<\/p>\n\n\n\n<figure class=\"wp-block-embed is-type-rich is-provider-amazon wp-block-embed-amazon\"><div class=\"wp-block-embed__wrapper\">\n<iframe loading=\"lazy\" title=\"Sociologia da Religi\u00e3o\" type=\"text\/html\" width=\"900\" height=\"550\" frameborder=\"0\" allowfullscreen style=\"max-width:100%\" src=\"https:\/\/ler.amazon.com.br\/kp\/card?preview=inline&#038;linkCode=kpd&#038;ref_=k4w_oembed_VCqjfGg06LeMAl&#038;asin=B0DC14WT3J&#038;tag=kpembed-20\"><\/iframe>\n<\/div><\/figure>\n\n\n\n<hr class=\"wp-block-separator has-alpha-channel-opacity\"\/>\n\n\n\n<p>ISBN: 9786501182728<br>N\u00famero de p\u00e1ginas: 72<br>Edi\u00e7\u00e3o: 1 (2024)<br>Formato: A5 (148&#215;210)<br>Acabamento: Brochura c\/ orelha<br>Colora\u00e7\u00e3o: Preto e branco<br>Tipo de papel: Offset 75g<br>Idioma: Portugu\u00eas<\/p>\n","protected":false},"excerpt":{"rendered":"<p>de Georg Simmel Conhe\u00e7a nossos post sobre &#8220;Georg Simmel&#8221;. Em &#8220;Sociologia da Religi\u00e3o&#8221;, Georg Simmel nos oferece uma profunda e incisiva an\u00e1lise das rela\u00e7\u00f5es entre a religi\u00e3o e a vida social. Explorando a complexa interse\u00e7\u00e3o entre o sagrado e o profano, Simmel revela como a religi\u00e3o atua n\u00e3o apenas como\u2026<\/p>\n<p class=\"continue-reading-button\"> <a class=\"continue-reading-link\" href=\"https:\/\/antoniofontoura.com.br\/site\/principais-obras\/sociologia-da-religiao\/\">Leia mais<i class=\"crycon-right-dir\"><\/i><\/a><\/p>\n","protected":false},"author":1,"featured_media":0,"parent":42,"menu_order":0,"comment_status":"closed","ping_status":"closed","template":"","meta":[],"_links":{"self":[{"href":"https:\/\/antoniofontoura.com.br\/site\/wp-json\/wp\/v2\/pages\/1069"}],"collection":[{"href":"https:\/\/antoniofontoura.com.br\/site\/wp-json\/wp\/v2\/pages"}],"about":[{"href":"https:\/\/antoniofontoura.com.br\/site\/wp-json\/wp\/v2\/types\/page"}],"author":[{"embeddable":true,"href":"https:\/\/antoniofontoura.com.br\/site\/wp-json\/wp\/v2\/users\/1"}],"replies":[{"embeddable":true,"href":"https:\/\/antoniofontoura.com.br\/site\/wp-json\/wp\/v2\/comments?post=1069"}],"version-history":[{"count":2,"href":"https:\/\/antoniofontoura.com.br\/site\/wp-json\/wp\/v2\/pages\/1069\/revisions"}],"predecessor-version":[{"id":1143,"href":"https:\/\/antoniofontoura.com.br\/site\/wp-json\/wp\/v2\/pages\/1069\/revisions\/1143"}],"up":[{"embeddable":true,"href":"https:\/\/antoniofontoura.com.br\/site\/wp-json\/wp\/v2\/pages\/42"}],"wp:attachment":[{"href":"https:\/\/antoniofontoura.com.br\/site\/wp-json\/wp\/v2\/media?parent=1069"}],"curies":[{"name":"wp","href":"https:\/\/api.w.org\/{rel}","templated":true}]}}