{"id":565,"date":"2022-10-15T22:20:38","date_gmt":"2022-10-15T22:20:38","guid":{"rendered":"https:\/\/antoniofontoura.com.br\/site\/?page_id=565"},"modified":"2024-10-31T17:36:55","modified_gmt":"2024-10-31T17:36:55","slug":"geografia-livro-i","status":"publish","type":"page","link":"https:\/\/antoniofontoura.com.br\/site\/principais-obras\/geografia-livro-i\/","title":{"rendered":"Geografia, Livros I e II"},"content":{"rendered":"<div class=\"wp-block-image\">\n<figure class=\"aligncenter size-full\"><img decoding=\"async\" loading=\"lazy\" width=\"231\" height=\"328\" src=\"https:\/\/antoniofontoura.com.br\/site\/wp-content\/uploads\/2023\/08\/capa_estrabao_livros-1-e-2.jpg\" alt=\"\" class=\"wp-image-598\" srcset=\"https:\/\/antoniofontoura.com.br\/site\/wp-content\/uploads\/2023\/08\/capa_estrabao_livros-1-e-2.jpg 231w, https:\/\/antoniofontoura.com.br\/site\/wp-content\/uploads\/2023\/08\/capa_estrabao_livros-1-e-2-211x300.jpg 211w, https:\/\/antoniofontoura.com.br\/site\/wp-content\/uploads\/2023\/08\/capa_estrabao_livros-1-e-2-106x150.jpg 106w\" sizes=\"(max-width: 231px) 100vw, 231px\" \/><\/figure><\/div>\n\n\n<hr class=\"wp-block-separator has-alpha-channel-opacity\"\/>\n\n\n\n<div class=\"wp-block-columns is-layout-flex wp-container-4\">\n<div class=\"wp-block-column is-layout-flow\">\n<figure class=\"wp-block-image size-full\"><a href=\"https:\/\/clubedeautores.com.br\/livro\/geografia-2\"><img decoding=\"async\" loading=\"lazy\" width=\"129\" height=\"49\" src=\"https:\/\/antoniofontoura.com.br\/site\/wp-content\/uploads\/2021\/11\/logo_clubedeautores.jpg\" alt=\"\" class=\"wp-image-461\"\/><\/a><\/figure>\n<\/div>\n\n\n\n<div class=\"wp-block-column is-layout-flow\">\n<figure class=\"wp-block-image size-full\"><a href=\"https:\/\/www.estantevirtual.com.br\/busca?utf8=%E2%9C%93&amp;q=Geografia%20Estrab%C3%A3o\"><img decoding=\"async\" loading=\"lazy\" width=\"70\" height=\"28\" src=\"https:\/\/antoniofontoura.com.br\/site\/wp-content\/uploads\/2021\/11\/logo_estantevirtual.jpg\" alt=\"\" class=\"wp-image-464\"\/><\/a><\/figure>\n<\/div>\n\n\n\n<div class=\"wp-block-column is-layout-flow\">\n<figure class=\"wp-block-image size-full\"><a href=\"https:\/\/www.americanas.com.br\/busca\/9786500713206\"><img decoding=\"async\" loading=\"lazy\" width=\"144\" height=\"21\" src=\"https:\/\/antoniofontoura.com.br\/site\/wp-content\/uploads\/2021\/11\/logo_americanas.jpg\" alt=\"\" class=\"wp-image-460\"\/><\/a><\/figure>\n<\/div>\n<\/div>\n\n\n\n<hr class=\"wp-block-separator has-alpha-channel-opacity\"\/>\n\n\n\n<h3 class=\"wp-block-heading has-text-align-center\">Se preferir, adquira a obra em Ebook pela Amazon! <a href=\"https:\/\/www.amazon.com.br\/dp\/B0C6VQK8TP\">Clique aqui<\/a>.<\/h3>\n\n\n\n<hr class=\"wp-block-separator has-alpha-channel-opacity\"\/>\n\n\n\n<p>Leia aqui todos os nossos posts sobre <strong><a href=\"https:\/\/antoniofontoura.com.br\/site\/category\/estrabao\/\" data-type=\"category\" data-id=\"26\">Geografia, Livros I e II, de Estrab\u00e3o<\/a><\/strong>.<\/p>\n\n\n\n<p>Estrab\u00e3o foi um ge\u00f3grafo grego nascido na regi\u00e3o de Am\u00e1sia \u2013 hoje Turquia \u2013 e viveu sob o governo dos imperadores romanos Augusto e Tib\u00e9rio. Pensador, historiador e ge\u00f3grafo, seu trabalho mais influente \u00e9 sem d\u00favida, Geografia, uma obra que ele mesmo descreveu como sendo um trabalho colossal. E n\u00e3o h\u00e1 exagero nesta defini\u00e7\u00e3o: apresenta, no total, dezessete livros que refletem elementos pol\u00edticos, culturais, religiosos, hist\u00f3ricos e, obviamente, geogr\u00e1ficos, da complexa e multifacetada sociedade romana da passagem para o s\u00e9culo I.<\/p>\n\n\n\n<p>Como era comum entre os escritores antigos, Estrab\u00e3o tamb\u00e9m baseou parte de sua obra em autores que o precederam, como Erast\u00f3stenes e Hiparco. Por\u00e9m, ao contr\u00e1rio de outros pensadores do mundo antigo, Estrab\u00e3o viajou extensamente pelo mundo conhecido \u00e0 \u00e9poca, e muito do que apresenta em seu texto \u00e9 resultado de suas pr\u00f3prias experi\u00eancias. \u201cVoc\u00ea n\u00e3o poderia encontrar outra pessoa entre os escritores de geografia que tenha viajado mais do que eu\u201d, afirma em certo momento de sua Geografia.<\/p>\n\n\n\n<p>E \u00e9 nesta viv\u00eancia que est\u00e1 a riqueza da obra de Estrab\u00e3o: algu\u00e9m que conhecia a tradi\u00e7\u00e3o da cultura antiga mas que, tamb\u00e9m, a vivenciou de forma intensa, criando um trabalho \u00fanico e original, revelando o ponto de vista de um erudito grego explorando a cultura romana e sua diversidade.<\/p>\n\n\n\n<p>Esta \u00e9 a primeira tradu\u00e7\u00e3o para o portugu\u00eas dos Livros I e II de Geografia. Apresenta a tradu\u00e7\u00e3o do texto grego, acompanhada por centenas de notas, e suplementado por uma discuss\u00e3o sobre a vida de Estrab\u00e3o e sua rela\u00e7\u00e3o com a obra que o imortalizou.<\/p>\n\n\n\n<figure class=\"wp-block-embed is-type-rich is-provider-amazon wp-block-embed-amazon\"><div class=\"wp-block-embed__wrapper\">\n<iframe loading=\"lazy\" title=\"Geografia: Livros I e II\" type=\"text\/html\" width=\"900\" height=\"550\" frameborder=\"0\" allowfullscreen style=\"max-width:100%\" src=\"https:\/\/ler.amazon.com.br\/kp\/card?preview=inline&#038;linkCode=kpd&#038;ref_=k4w_oembed_aOSOyh2H25gnOm&#038;asin=B0C6VQK8TP&#038;tag=kpembed-20\"><\/iframe>\n<\/div><\/figure>\n\n\n\n<hr class=\"wp-block-separator has-alpha-channel-opacity\"\/>\n\n\n\n<p>Sobre o autor: <strong>Estrab\u00e3o <\/strong>(64 a.C. &#8211; 24 d.C.) foi um ge\u00f3grafo grego.<\/p>\n\n\n\n<hr class=\"wp-block-separator has-alpha-channel-opacity\"\/>\n\n\n\n<h4 class=\"wp-block-heading\">Sobre o livro<\/h4>\n\n\n\n<p>ISBN: 978-65-00-71320-6<br>N\u00famero de p\u00e1ginas: 226<br>Formato: 148&#215;210 mm<br>Acabamento: Brochura c\/ orelha<br>Colora\u00e7\u00e3o: Colorido<br>Tipo de papel: Offset 75g<br>Idioma: Portugu\u00eas<\/p>\n","protected":false},"excerpt":{"rendered":"<p>Se preferir, adquira a obra em Ebook pela Amazon! Clique aqui. Leia aqui todos os nossos posts sobre Geografia, Livros I e II, de Estrab\u00e3o. Estrab\u00e3o foi um ge\u00f3grafo grego nascido na regi\u00e3o de Am\u00e1sia \u2013 hoje Turquia \u2013 e viveu sob o governo dos imperadores romanos Augusto e Tib\u00e9rio.\u2026<\/p>\n<p class=\"continue-reading-button\"> <a class=\"continue-reading-link\" href=\"https:\/\/antoniofontoura.com.br\/site\/principais-obras\/geografia-livro-i\/\">Leia mais<i class=\"crycon-right-dir\"><\/i><\/a><\/p>\n","protected":false},"author":1,"featured_media":0,"parent":42,"menu_order":0,"comment_status":"closed","ping_status":"closed","template":"","meta":[],"_links":{"self":[{"href":"https:\/\/antoniofontoura.com.br\/site\/wp-json\/wp\/v2\/pages\/565"}],"collection":[{"href":"https:\/\/antoniofontoura.com.br\/site\/wp-json\/wp\/v2\/pages"}],"about":[{"href":"https:\/\/antoniofontoura.com.br\/site\/wp-json\/wp\/v2\/types\/page"}],"author":[{"embeddable":true,"href":"https:\/\/antoniofontoura.com.br\/site\/wp-json\/wp\/v2\/users\/1"}],"replies":[{"embeddable":true,"href":"https:\/\/antoniofontoura.com.br\/site\/wp-json\/wp\/v2\/comments?post=565"}],"version-history":[{"count":13,"href":"https:\/\/antoniofontoura.com.br\/site\/wp-json\/wp\/v2\/pages\/565\/revisions"}],"predecessor-version":[{"id":1117,"href":"https:\/\/antoniofontoura.com.br\/site\/wp-json\/wp\/v2\/pages\/565\/revisions\/1117"}],"up":[{"embeddable":true,"href":"https:\/\/antoniofontoura.com.br\/site\/wp-json\/wp\/v2\/pages\/42"}],"wp:attachment":[{"href":"https:\/\/antoniofontoura.com.br\/site\/wp-json\/wp\/v2\/media?parent=565"}],"curies":[{"name":"wp","href":"https:\/\/api.w.org\/{rel}","templated":true}]}}