{"id":664,"date":"2023-08-05T19:51:08","date_gmt":"2023-08-05T19:51:08","guid":{"rendered":"https:\/\/antoniofontoura.com.br\/site\/?page_id=664"},"modified":"2024-10-31T17:51:47","modified_gmt":"2024-10-31T17:51:47","slug":"raca-linguagem-e-cultura","status":"publish","type":"page","link":"https:\/\/antoniofontoura.com.br\/site\/principais-obras\/raca-linguagem-e-cultura\/","title":{"rendered":"Ra\u00e7a, Linguagem e Cultura"},"content":{"rendered":"\n<h3 class=\"wp-block-heading\">De Franz Boas<\/h3>\n\n\n\n<div class=\"wp-block-columns are-vertically-aligned-top is-layout-flex wp-container-3\">\n<div class=\"wp-block-column is-vertically-aligned-top is-layout-flow\"><div class=\"wp-block-image\">\n<figure class=\"aligncenter size-full\"><img decoding=\"async\" loading=\"lazy\" width=\"231\" height=\"328\" src=\"https:\/\/antoniofontoura.com.br\/site\/wp-content\/uploads\/2023\/08\/boas-capa-3.jpg\" alt=\"\" class=\"wp-image-595\" srcset=\"https:\/\/antoniofontoura.com.br\/site\/wp-content\/uploads\/2023\/08\/boas-capa-3.jpg 231w, https:\/\/antoniofontoura.com.br\/site\/wp-content\/uploads\/2023\/08\/boas-capa-3-211x300.jpg 211w, https:\/\/antoniofontoura.com.br\/site\/wp-content\/uploads\/2023\/08\/boas-capa-3-106x150.jpg 106w\" sizes=\"(max-width: 231px) 100vw, 231px\" \/><\/figure><\/div><\/div>\n\n\n\n<div class=\"wp-block-column is-vertically-aligned-top is-layout-flow\"><div class=\"wp-block-image\">\n<figure class=\"aligncenter size-full\"><img decoding=\"async\" loading=\"lazy\" width=\"231\" height=\"328\" src=\"https:\/\/antoniofontoura.com.br\/site\/wp-content\/uploads\/2023\/08\/boas-capa-cultura.jpg\" alt=\"\" class=\"wp-image-596\" srcset=\"https:\/\/antoniofontoura.com.br\/site\/wp-content\/uploads\/2023\/08\/boas-capa-cultura.jpg 231w, https:\/\/antoniofontoura.com.br\/site\/wp-content\/uploads\/2023\/08\/boas-capa-cultura-211x300.jpg 211w, https:\/\/antoniofontoura.com.br\/site\/wp-content\/uploads\/2023\/08\/boas-capa-cultura-106x150.jpg 106w\" sizes=\"(max-width: 231px) 100vw, 231px\" \/><\/figure><\/div><\/div>\n<\/div>\n\n\n\n<h3 class=\"wp-block-heading\">Volume I: Ra\u00e7a e Linguagem <\/h3>\n\n\n\n<div class=\"wp-block-columns is-layout-flex wp-container-7\">\n<div class=\"wp-block-column is-layout-flow\"><div class=\"wp-block-image\">\n<figure class=\"aligncenter size-full\"><a href=\"https:\/\/clubedeautores.com.br\/livro\/raca-linguagem-e-cultura\"><img decoding=\"async\" loading=\"lazy\" width=\"74\" height=\"28\" src=\"https:\/\/antoniofontoura.com.br\/site\/wp-content\/uploads\/2022\/10\/clube_autores_pq.jpg\" alt=\"\" class=\"wp-image-534\"\/><\/a><\/figure><\/div>\n\n\n<p class=\"has-text-align-center\">Livro papel comum<\/p>\n<\/div>\n\n\n\n<div class=\"wp-block-column is-layout-flow\"><div class=\"wp-block-image\">\n<figure class=\"aligncenter size-full\"><a href=\"https:\/\/www.estantevirtual.com.br\/busca?utf8=%E2%9C%93&amp;q=Ra%C3%A7a,%20Linguagem%20e%20Cultura%20Franz%20Boas\"><img decoding=\"async\" loading=\"lazy\" width=\"70\" height=\"28\" src=\"https:\/\/antoniofontoura.com.br\/site\/wp-content\/uploads\/2021\/11\/logo_estantevirtual.jpg\" alt=\"\" class=\"wp-image-464\"\/><\/a><\/figure><\/div>\n\n\n<p class=\"has-text-align-center\">Livro papel comum<\/p>\n<\/div>\n\n\n\n<div class=\"wp-block-column is-layout-flow\"><div class=\"wp-block-image\">\n<figure class=\"aligncenter size-full is-resized\"><a href=\"https:\/\/www.amazon.com.br\/dp\/B0CB1Y3N5B\"><img decoding=\"async\" loading=\"lazy\" src=\"https:\/\/antoniofontoura.com.br\/site\/wp-content\/uploads\/2021\/11\/testeamz.jpg\" alt=\"\" class=\"wp-image-467\" width=\"68\" height=\"25\"\/><\/a><\/figure><\/div>\n\n\n<p class=\"has-text-align-center\">Ebook<\/p>\n<\/div>\n<\/div>\n\n\n\n<h3 class=\"wp-block-heading\">Volume II: Cultura<\/h3>\n\n\n\n<div class=\"wp-block-columns is-layout-flex wp-container-11\">\n<div class=\"wp-block-column is-layout-flow\"><div class=\"wp-block-image\">\n<figure class=\"aligncenter size-full\"><a href=\"https:\/\/clubedeautores.com.br\/livro\/raca-linguagem-e-cultura-2\"><img decoding=\"async\" loading=\"lazy\" width=\"74\" height=\"28\" src=\"https:\/\/antoniofontoura.com.br\/site\/wp-content\/uploads\/2022\/10\/clube_autores_pq.jpg\" alt=\"\" class=\"wp-image-534\"\/><\/a><\/figure><\/div>\n\n\n<p class=\"has-text-align-center\">Livro papel comum<\/p>\n<\/div>\n\n\n\n<div class=\"wp-block-column is-layout-flow\"><div class=\"wp-block-image\">\n<figure class=\"aligncenter size-full\"><a href=\"https:\/\/www.estantevirtual.com.br\/busca?utf8=%E2%9C%93&amp;q=Ra%C3%A7a,%20Linguagem%20e%20Cultura%20Franz%20Boas\"><img decoding=\"async\" loading=\"lazy\" width=\"70\" height=\"28\" src=\"https:\/\/antoniofontoura.com.br\/site\/wp-content\/uploads\/2021\/11\/logo_estantevirtual.jpg\" alt=\"\" class=\"wp-image-464\"\/><\/a><\/figure><\/div>\n\n\n<p class=\"has-text-align-center\">Livro papel comum<\/p>\n<\/div>\n\n\n\n<div class=\"wp-block-column is-layout-flow\"><div class=\"wp-block-image\">\n<figure class=\"aligncenter size-full is-resized\"><a href=\"https:\/\/www.amazon.com.br\/dp\/B0CBY2MKLB\"><img decoding=\"async\" loading=\"lazy\" src=\"https:\/\/antoniofontoura.com.br\/site\/wp-content\/uploads\/2021\/11\/testeamz.jpg\" alt=\"\" class=\"wp-image-467\" width=\"68\" height=\"25\"\/><\/a><\/figure><\/div>\n\n\n<p class=\"has-text-align-center\">Ebook<\/p>\n<\/div>\n<\/div>\n\n\n\n<hr class=\"wp-block-separator has-alpha-channel-opacity\"\/>\n\n\n\n<p><strong>Sobre a obra<\/strong><\/p>\n\n\n\n<p>A obra Ra\u00e7a, Linguagem e Cultura, publicada em 1940, \u00e9 uma colet\u00e2nea de ensaios escritos por Franz Boas ao longo de sua carreira. O livro aborda quest\u00f5es centrais relacionadas \u00e0 antropologia, incluindo o conceito de ra\u00e7a, a diversidade lingu\u00edstica e a rela\u00e7\u00e3o entre cultura e personalidade.<\/p>\n\n\n\n<p>No livro, Boas critica fortemente as teorias raciais dominantes da \u00e9poca, que sustentavam a exist\u00eancia de hierarquias raciais e justificavam a opress\u00e3o e a discrimina\u00e7\u00e3o com base em diferen\u00e7as biol\u00f3gicas. Ele argumenta que a ideia de ra\u00e7a como uma categoria fixa e hierarquicamente ordenada n\u00e3o tem fundamento cient\u00edfico e que as varia\u00e7\u00f5es observadas entre os grupos humanos s\u00e3o o resultado a\u00e7\u00e3o da cultura.<\/p>\n\n\n\n<p>Boas tamb\u00e9m analisa a diversidade lingu\u00edstica e a rela\u00e7\u00e3o entre linguagem e cultura. Ele enfatiza que cada l\u00edngua \u00e9 um sistema complexo e \u00fanico, que molda o pensamento e a vis\u00e3o de mundo dos falantes. Boas rejeita a ideia de que certas l\u00ednguas ou fam\u00edlias lingu\u00edsticas s\u00e3o superiores a outras e destaca a import\u00e2ncia de se estudar e preservar a diversidade lingu\u00edstica como parte da riqueza cultural da humanidade.<\/p>\n\n\n\n<p>Outro aspecto central abordado na obra \u00e9 a rela\u00e7\u00e3o entre cultura e personalidade. Boas argumenta que as diferen\u00e7as culturais n\u00e3o s\u00e3o determinadas por caracter\u00edsticas inatas ou biol\u00f3gicas, mas sim pelo ambiente social e hist\u00f3rico em que os indiv\u00edduos est\u00e3o inseridos. Ele defende a ideia de que a cultura molda a personalidade das pessoas, e n\u00e3o o contr\u00e1rio, refutando assim a cren\u00e7a de que certos tra\u00e7os culturais s\u00e3o resultado de caracter\u00edsticas heredit\u00e1rias.<\/p>\n\n\n\n<p>Assim, Ra\u00e7a, Linguagem e Cultura \u00e9 uma obra fundamental de Boas que desafia vis\u00f5es raciais e culturais etnoc\u00eantricas, rejeitando o determinismo biol\u00f3gico e enfatizando a import\u00e2ncia da relatividade cultural. Seus ensaios contribuem para a constru\u00e7\u00e3o de uma antropologia mais inclusiva, que reconhece a diversidade humana e busca entender as culturas em seus pr\u00f3prios termos, sem hierarquias ou preconceitos.<\/p>\n\n\n\n<figure class=\"wp-block-embed is-type-rich is-provider-amazon wp-block-embed-amazon\"><div class=\"wp-block-embed__wrapper\">\n<iframe loading=\"lazy\" title=\"Ra\u00e7a, Linguagem e Cultura: Volume I: Ra\u00e7a e Linguagem (Franz Boas)\" type=\"text\/html\" width=\"900\" height=\"550\" frameborder=\"0\" allowfullscreen style=\"max-width:100%\" src=\"https:\/\/ler.amazon.com.br\/kp\/card?preview=inline&#038;linkCode=kpd&#038;ref_=k4w_oembed_aSCvmsZaXNeEo3&#038;asin=B0CB1Y3N5B&#038;tag=kpembed-20\"><\/iframe>\n<\/div><\/figure>\n\n\n\n<hr class=\"wp-block-separator has-alpha-channel-opacity\"\/>\n\n\n\n<p><strong>Caracter\u00edsticas dos Ebooks<\/strong><\/p>\n\n\n\n<p>Editora \u200f : \u200e antoniofontoura; 1\u00aa edi\u00e7\u00e3o (2 julho 2023)<br>Idioma \u200f : \u200e Portugu\u00eas<br>Leitura de texto \u200f : \u200e Habilitado<br>Leitor de tela \u200f : \u200e Compat\u00edvel<br>Configura\u00e7\u00e3o de fonte \u200f : \u200e Habilitado<br>Dicas de vocabul\u00e1rio \u200f : \u200e N\u00e3o habilitado<br>N\u00famero de p\u00e1ginas do Volume 1\u200f :\u200e 339 p\u00e1ginas<br>N\u00famero de p\u00e1ginas do Volume 2: 568 p\u00e1ginas<\/p>\n\n\n\n<p><\/p>\n","protected":false},"excerpt":{"rendered":"<p>De Franz Boas Volume I: Ra\u00e7a e Linguagem Livro papel comum Livro papel comum Ebook Volume II: Cultura Livro papel comum Livro papel comum Ebook Sobre a obra A obra Ra\u00e7a, Linguagem e Cultura, publicada em 1940, \u00e9 uma colet\u00e2nea de ensaios escritos por Franz Boas ao longo de sua\u2026<\/p>\n<p class=\"continue-reading-button\"> <a class=\"continue-reading-link\" href=\"https:\/\/antoniofontoura.com.br\/site\/principais-obras\/raca-linguagem-e-cultura\/\">Leia mais<i class=\"crycon-right-dir\"><\/i><\/a><\/p>\n","protected":false},"author":1,"featured_media":0,"parent":42,"menu_order":0,"comment_status":"closed","ping_status":"closed","template":"","meta":[],"_links":{"self":[{"href":"https:\/\/antoniofontoura.com.br\/site\/wp-json\/wp\/v2\/pages\/664"}],"collection":[{"href":"https:\/\/antoniofontoura.com.br\/site\/wp-json\/wp\/v2\/pages"}],"about":[{"href":"https:\/\/antoniofontoura.com.br\/site\/wp-json\/wp\/v2\/types\/page"}],"author":[{"embeddable":true,"href":"https:\/\/antoniofontoura.com.br\/site\/wp-json\/wp\/v2\/users\/1"}],"replies":[{"embeddable":true,"href":"https:\/\/antoniofontoura.com.br\/site\/wp-json\/wp\/v2\/comments?post=664"}],"version-history":[{"count":3,"href":"https:\/\/antoniofontoura.com.br\/site\/wp-json\/wp\/v2\/pages\/664\/revisions"}],"predecessor-version":[{"id":1140,"href":"https:\/\/antoniofontoura.com.br\/site\/wp-json\/wp\/v2\/pages\/664\/revisions\/1140"}],"up":[{"embeddable":true,"href":"https:\/\/antoniofontoura.com.br\/site\/wp-json\/wp\/v2\/pages\/42"}],"wp:attachment":[{"href":"https:\/\/antoniofontoura.com.br\/site\/wp-json\/wp\/v2\/media?parent=664"}],"curies":[{"name":"wp","href":"https:\/\/api.w.org\/{rel}","templated":true}]}}